{"id":58,"date":"2014-09-06T17:29:57","date_gmt":"2014-09-06T17:29:57","guid":{"rendered":"http:\/\/test.whoathemes.net\/bivio\/?page_id=58"},"modified":"2025-05-14T08:29:29","modified_gmt":"2025-05-14T08:29:29","slug":"home-2","status":"publish","type":"page","link":"https:\/\/joerg-w-schirmer.de\/?page_id=58","title":{"rendered":"Ausstellungen"},"content":{"rendered":"<p>2025<\/p>\n<p>Teilnahme artKarlsruhe, Galerie Klose Essen<\/p>\n<p>Teilnahme discovery art K\u00f6ln, Galerie Klose Essen<\/p>\n<p>Teilnahme ARTMUC, Galerie an der Zitadelle, J\u00fclich<\/p>\n<p>&#8222;DREAMS &amp; SIDEKICKS&#8220;, Galerie Klose<\/p>\n<p>2024<\/p>\n<p>Teilnahme artKarlsruhe, Galerie Klose Essen<\/p>\n<p>IN-BETWEEN, Galerie Schortgen, Luxembourg<\/p>\n<p>Teilnahme ARTMUC, M\u00fcnchen, Galerie an der Zitadelle, J\u00fclich<\/p>\n<p>Teilnahme Jubil\u00e4um 30 + 1, Galerie Kleebolte, Essen<\/p>\n<p>Teilnahme discovery art K\u00f6ln, Galerie Klose Essen<\/p>\n<p>Teilnahme Gew\u00e4chshaus Magdeburg, Galerie Diede<\/p>\n<p>Teilnahme KIAF, Galerie Klose, S\u00fcdkorea, Seoul<\/p>\n<p>Teilnahme C.A.R. Zollverein, Galerie Klose Essen<\/p>\n<p>Teilnahme discovery art Frankfurt, Galerie Klose Essen<\/p>\n<p>Teilnahme art Dortmund, Galerie Klose Essen<\/p>\n<p>2023<\/p>\n<p>Teilnahme Art Fair KIAF, Galerie Klose, S\u00fcdkorea, Seoul<\/p>\n<p>Summer Vibes, Galerie Hegemann, M\u00fcnchen<\/p>\n<p>Teilnahme artKarlsruhe, Galerie Klose Essen<\/p>\n<p>Teilnahme Discovery Art Frankfurt, Galerie Klose Essen<\/p>\n<p>Teilnahme Kunst Mitte, Magdeburg, Galerie Klose, Essen<\/p>\n<p>Summer Vibes, Galerie Hegemann, M\u00fcnchen<\/p>\n<p>Teilnahme ARTMUC, M\u00fcnchen, Galerie an der Zitadelle, J\u00fclich<\/p>\n<p>2022<\/p>\n<p>Einzelausstellung Ruhr-Open-Art, Schwerte<\/p>\n<p>Teilnahme artKarlsruhe, Galerie Klose Essen<\/p>\n<p>Teilnahme Discovery Art Frankfurt, Galerie Klose Essen<\/p>\n<p>Teilnahme Kunst Mitte, Magdeburg, Galerie Klose, Essen<\/p>\n<p>2021\u2028<\/p>\n<p>Gruppenausstellung \u201eCOLORFUL LIFE\u201c, Galerie Hegemann, M\u00fcnchen<\/p>\n<p>Gruppenausstellung \u201eSUMMERTIME\u201c, Galerie Klose, Essen\u2028<\/p>\n<p>2020<\/p>\n<p>Gruppenausstellung 70 Jahre RKB, Forum f\u00fcr Kunst und Architektur, Essen<\/p>\n<p>Gruppenausstellung Stille und Befreiung, Galerie Klose, Essen<\/p>\n<p>Teilnahme artKarlsruhe, Galerie Klose, Essen<\/p>\n<p>Einzelausstellung \u201cJ\u00f6rg und J\u00f6rg\u201d, Galerie Klose, Essen<\/p>\n<p>Teilnahme Discovery Art Frankfurt, Galerie Klose, Essen<\/p>\n<p>Einzelausstellung \u201cBeautiful &amp; Best\u201d, Galerie Schortgen, Luxembourg<\/p>\n<p>Gruppenausstellung \u201cSightzeichen \u201c, Galerie Klose, Essen<\/p>\n<p>2019<\/p>\n<p>Teilnahme artKarlsruhe, Galerie Klose, Essen<\/p>\n<p>Gruppenausstellung Skulpturen, Galerie Zandi, Berlin<\/p>\n<p>Gruppenausstellung Skulpturen, Galerie Schortgen, Luxenburg<\/p>\n<p>Teilnahme Discovery K\u00f6ln, Galerie Klose, Essen<\/p>\n<p>Einzelausstellung Lehre als Idee, Museum Herzebrock-Clarholz<\/p>\n<p>Teilnahme Kunst Mitte Magdeburg, Galerie Klose, Essen<\/p>\n<p>Gruppenausstellung Skulpturen, Hotel Excelsior, K\u00f6ln<\/p>\n<p>Teilnahme Discovery Art Fair, Frankfurt, Galerie Klose, Essen<\/p>\n<p>Teilnahme C.A.R., Weltkulturerbe Zollverein, Galerie Klose Essen<\/p>\n<p>Gruppenausstellung Sighzeichen, Galerie Klose, Essen<\/p>\n<p>2018<\/p>\n<p>Teilnahme artKarlsruhe, Galerie Klose, Essen<\/p>\n<p>Teilnahme Kunstmesse L\u00fcbeck, Galerie Klose, Essen<\/p>\n<p>Teilnahme K\u00f6lner Liste, Galerie Klose, Essen<\/p>\n<p>Einzelausstellung Perspektive? akrobatisch! Galerie an der Zitadelle, J\u00fclich<\/p>\n<p>Teilnahme scope Basel, Galerie Klose, Essen<\/p>\n<p>Gruppenausstellung, Rot\/Wei\u00df, B\u00fcrgermeisterhaus Werden, Galerie Kleebolte, Essen<\/p>\n<p>Teilnahme Kunstmesse Frankfurt, Galerie Klose, Essen<\/p>\n<p>Teilnahme art affordable Hamburg, Galerie Klose, Essen<\/p>\n<p>Gruppenausstellung Ein bisschen Hoffnung, Atelierhaus Alteburger Wall, K\u00f6ln<\/p>\n<p>Teilnahme C.A.R., Weltkulturerbe Zollverein, Galerie Klose Essen<\/p>\n<p>Gruppenausstellung Sighzeichen, Galerie Klose, Essen<\/p>\n<p>2017<\/p>\n<p>Einzelausstellung KAPRIOLEN und ESKAPADEN, Galerie Klose<\/p>\n<p>Teilnahme \u201eK\u00f6lner Liste\u201c, Galerie Klose, K\u00f6ln<\/p>\n<p>Teilnahme \u201eartKarlsruhe\u201c, Galerie Klose, Karlsruhe<\/p>\n<p>Gruppenausstellung \u201eSkulptur &amp; Malerei, Galerie K\u00d6 meets art, D\u00fcsseldorf<\/p>\n<p>Einzelausstellung \u201ePOP STORIES II\u201c, Galerie Hegemann, M\u00fcnchen<\/p>\n<p>2016<\/p>\n<p>Einzelausstellung \u201eZu neuen Horizonten\u201c, Kulturkirche Ost, K\u00f6ln<\/p>\n<p>Gruppenausstellung Galerie D`Hame, M\u00fclheim<\/p>\n<p>Teilnahme \u201eAffordable Art Fair\u201c, Galerie Klose, Hamburg<\/p>\n<p>Teilnahme \u201eContemporary artruhr C.A.R., Galerie Klose, Essen<\/p>\n<p>Teilnahme \u201eart KIAF, Galerie Klose, Seoul, S\u00fcdkorea<\/p>\n<p>Gruppenausstellung af Galerie artfein, Berlin<\/p>\n<p>Teilnahme artBusan, Galerie Klose, S\u00fcdkorea, Busan<\/p>\n<p>Teilnahme K\u00f6lner Liste, Galerie Klose, K\u00f6ln<\/p>\n<p>Teilnahme Art Karlsruhe, Galerie Klose, Karlsruhe<\/p>\n<p>Galerie Hegemann, M\u00fcnchen<\/p>\n<p>2015<\/p>\n<p>SIGHTZEICHEN Galerie Klose, Essen<\/p>\n<p>FACES BEHIND ART Galerie Klose, Essen<\/p>\n<p>Gruppenausstellung EXPRESSIONS, Galerie Hegemann, M\u00fcnchen www. galerie-hegemann.de<\/p>\n<p>Teilnahme \u201eK\u00f6lner Liste\u201c, Galerie Klose, K\u00f6ln<\/p>\n<p>Teilnahme Art Karlsruhe, Galerie Klose, Karlsruhe<\/p>\n<p>2014<\/p>\n<p>Teilnahme Art Fair KIAF, Galerie Klose, S\u00fcdkorea, Seoul<\/p>\n<p>Einzelausstellung \u201eorg.ie_himmlisch\u201c, Zeche Unser Fritz, Herne www.kuenstlerzeche.de<\/p>\n<p>Teilnahme Art Fair K\u00f6ln, Galerie Klose, K\u00f6ln<\/p>\n<p>Einzelausstellung \u201eguten Willens\u2026.\u201c, Galerie Klose, Essen<\/p>\n<p>Teilnahme \u201eK\u00f6lner Liste\u201c, Galerie Klose, K\u00f6ln<\/p>\n<p>Teilnahme Art Karlsruhe, Galerie Klose, Karlsruhe,<\/p>\n<p>2013<\/p>\n<p>Teilnahme Art Fair KIAF, Galerie Klose, S\u00fcdkorea, Seoul<\/p>\n<p>Einzelausstellung Sparda-Bank Karlsruhe, Galerie Gegenwart, Karlsruhe<\/p>\n<p>Teilnahme Berliner Liste, Galerie Klose, Berlin<\/p>\n<p>Teilnahme art copenhagen, Galerie Hoffmann, Rheda-Wiedenbr\u00fcck<\/p>\n<p>Gruppenausstellung \u201eOn the Road\u201c Galerie Klose, Essen<\/p>\n<p>Teilnahme C.A.R.2013, Galerie Klose, Weltkulturerbe Zeche Zollverein, Essen<\/p>\n<p>2012<\/p>\n<p>K21, St\u00e4ndehausstra\u00dfe 1, 40217 D\u00fcsseldorf, Benefiz-Kunstauktion Heartbreakers zugunsten der Aids-Stiftung, Spende der Bronze: \u201eDie Fahne hochhalten\u201c Termin: 10. Dezember 2012 www.heartbreaker-duesseldorf.de<\/p>\n<p>Gruppenausstellung vom RKB und WBK \u201eGoldrausch\u201c Forum f\u00fcr Kunst &amp; Architektur, Kopstadtplatz 12, 45127 Essen<\/p>\n<p>Gruppenausstellung vom RKB und WBK, Kommunalen Galerie in Berlin, Hohenzollerndamm 176, 10731 Berlin-Chalottenburg, \u201eBest of Ruhr 2012\u201c Termin: 09. Dezember 2012, 12:00 Uhr www.kommunalegalerie-berlin.de<\/p>\n<p>12.\u00a0 Kunstversteigerung, Kunstmuseum Gelsenkirchen, Horster Stra\u00dfe 5-7,\u00a0 45897 Gelsenkirchen, Kunstverein Gelsenkirchen, Termin: 07. Dezember 2012 www.kunstverein-gelsenkirchen.de<\/p>\n<p>Gruppenausstellung \u201eSightzeichen\u201c Galerie Klose, R\u00fcttenscheider Str. 221, 45130 Essen, 20j\u00e4hrige Bestehen der Galerie, Termin: 23. November 2012<\/p>\n<p>C.A.R. 2012, Galerie Klose, Weltkulturerbe Zeche Zollverein, Essen, Termin: 15.11.-16.11.2012 www.contemporaryartruhr.de<\/p>\n<p>Gruppenausstellung K\u00fcnstleraustausch Essen-Paris vom RKB und WBK,im Rathaus des 11. Arrondissements Paris, \u201eDe L `Amiti\u00e8, \u00dcber die Freundschaft\u201c, Termin: 17.10.2012 -26.10.2012<\/p>\n<p>\u201eart KIAF, Galerie Klose, S\u00fcd-Korea, Seoul, September 2012 www.galerie-klose.de<\/p>\n<p>Einzelausstellung UBS Gold Major &amp; Art 2012, Bottrop Kirchhellen, Schwarze Heide e.V. gesponsert von der UBS, F\u00f6rdergesellschaft zeitgen\u00f6ssischer Kunst, Sabine Gerstenberg, Termin: 30.06.2012 www.fzkunst.de<\/p>\n<p>Gruppenausstellung Forum Kunst &amp; Architektur, Kopstadtplatz 12, 45127 Essen, \u201eDe L `Amiti\u00e8, \u00dcber die Freundschaft\u201c \u2013 RBK und WBK, Termin: 17.06.2012 \u2013 15.07.2012 www.forum-kunst-architektur.de<\/p>\n<p>Einzelausstellung in der Galerie Gegenwart, Bienleinstorstr. 23, 76227 Karlsruhe, Ich komme! \u2013 Skulpturen &#8211; Relief, Vernissage 25. M\u00e4rz,\u00a0 19:00 Uhr www.galerie-gegenwart.de<\/p>\n<p>artKARLSRUHE 2012, vom 8. M\u00e4rz \u2013 11. M\u00e4rz 2012, vertreten durch die Galerie Gegenwart, Petra S. K\u00f6hler, Stand H2\/A29\u2028Wichtiger Hinweis: Zeitgleich sind in der Galerie Gegenwart, Bienleinstorstr. 23, 76227 Karlsruhe-Durlach lebensgro\u00dfe Skulpturen zu sehen. www.galerie-gegenwart.de<\/p>\n<p>Gruppenausstellung im Kunstverein 68elf e.V., MediaPark 8a, (8 Etage), 50670 K\u00f6ln, DAS SEH ICH ANDERS \u2013 DANK DIR; K\u00fcnstler\/innen des Vereins und Gastk\u00fcnstler: Lars K\u00e4ker &#8211; J\u00f6rg W. Schirmer, Ausstellungsdauer:\u00a0 10.02.-01.04.2012, \u00d6ffnungszeiten: samstags und sonntags 15 \u2013 19 Uhr<\/p>\n<p>2011<\/p>\n<p>Contemporary art ruhr, Kunstmesse, Weltkulturerbe Zeche Zollverein, vom 28.10.-30.10.2011, vertreten durch die Galerie Klose, Essen www.contemporaryartruhr.de<\/p>\n<p>\u00dcbergabe des \u201eHimmesst\u00fcrmers\u201c an die Stadt Kaarst-B\u00fcttgen, Am Regionalbahnhof, Martinstra\u00dfe am 22.10.2011 www.picasaweb.\/art.kaarst<\/p>\n<p>Gruppenausstellung Galerie Reitz, Sankt-Apern-Stra\u00dfe 44\u201346, 50667 K\u00f6ln, \u201eSOMMERACCROCHAGE\u201c, Ausstellungsdauer: 15. 07. \u2013 18.10.2011 www.galerie-reitz.com<\/p>\n<p>In Zusammenarbeit mit den Sch\u00fclerinnen und Sch\u00fclern des 8. Jahrgangs der Joseph Beuys-Gesamtschule entstand der \u201eDer trojanische Klimahase\u201c, mit Unterst\u00fctzung der Stiftung Mercator zum Projekt: Klimamacher, als Hommage an Joseph Beuys zu seinem 90. Geburtstag am 12. Mai 2011, aufgestellt als Dauerleihgabe in der Joseph Beuys-Gesamtschule in D\u00fcsseldorf. www.joeph-beuys-gesamtschule.de<\/p>\n<p>Einzelausstellung Galerie Diede, Brohtalstra\u00dfe 77, 56659 Burgbrohl, \u201eSkulptur und Malerei\u201c, Ausstellungsdauer: 02.04.-01.05.2011 www.galerie-diede.de<\/p>\n<p>artKARLSRUHE 2011, vom 06.03 \u2013 10.03.2011, vertreten durch Galerie Gegenwart, Petra S. K\u00f6hler, www.galerie-diede.de<\/p>\n<p>artInnsbruck, \u00d6sterreich, vom 02.02.- 06.02.2011, vertreten durch Galerie Klose, Essen www.galerie-klose.de<\/p>\n<p>Einzelausstellung Forum Kunst &amp; Architektur, Kopstadtplatz 12, 45127 Essen, \u201eMACHEN UND TUN 1991 &#8211; 2011\u201c, Musikalischer Vortrag: Georg Baberkoff, Ausstellungsdauer: 20.02.-13.03.2011<\/p>\n<p>Gruppenausstellung Galerie Gegenwart, Bienleinstorstr. 23, 76227 Karlsruhe, TRIOPTRIE-\u00a0 Dickgiesser \u2013 Kresse \u2013 Schirmer, Ausstellungsdauer: 23. 01 \u2013 19.02.2011 www.galerie-gegenwart.de<\/p>\n<p>2010<\/p>\n<p>Einzelausstellung mit dem Gastk\u00fcnstler Karl G\u00fcnter Wolf im Kunstverein Wesseling, Scheunengalerie, Schwingelerweg 44, 50389 Wesseling, Malerei und Skulpturen, Vernissage 9. Oktober 2010, 15:00 Uhr \u2013 Dauer bis 7. November 2010<\/p>\n<p>Ende September: Kunstspur 2010 mit Gastk\u00fcnslern, Atelier Schirmer, Steeler Stra\u00dfe 491\/Ecke Krimmstra\u00dfe, 45276 Essen,<\/p>\n<p>Einzelausstellung in der Galerie Diede, Brohltalstr. 77, 56659 Burgbrohl Vernissage 7. August, 19:00 Uhr, Dauer bis 5. September 2010, www.galerie-diede.de<\/p>\n<p>7. Kunsttag Werden vom 12. Juni \u2013 13. Juni 2010, Essen<\/p>\n<p>Gruppenausstellung im FZK, F\u00f6rdergesellschaft zeitgen\u00f6ssischer Kunst mbH, Sabine Gerstenberg, Heinrich-Heldstra\u00dfe 16, 45133 Essen, vom 7. Mai \u2013 7. Juli 2010, Vernissage 7. Mai, 19:00 Uhr, Dauer bis 7. Juli 2010, www.fzkunst.de<\/p>\n<p>\u201eStarke Orte\u201c, Kulturhauptstadtprojekt 2010, Landschaftspark Duisburg-Nord, Emscherstra\u00dfe 71, 47137 Duisburg, Vernissage 30. April, 18:30 Uhr, Dauer bis 19. September 2010 www.kunstdu.de\/kunstkanal<\/p>\n<p>Gruppenausstellung im Forum f\u00fcr Kunst und Architektur, Kopstadtplatz 12, 45127 Essen, zum Thema: \u201eMetropole, Mobilit\u00e4t, Migration\u201c Vernissage 18. April, 12:00 Uhr , Dauer bis 9. Mai 2010, Eine Jury entscheidet am 19. April, welche 20 Werke in Paris, im Espace Kiron, ausgestellt werden. www.forum-kunst-architektur.de<\/p>\n<p>Einzelausstellung im B\u00fcrgerhaus Kaarst, Am Neumarkt 2, 41564 Kaarst, Vernissage 30. M\u00e4rz , Dauer bis 19. April 2010, Gezeigt werden alle gro\u00dfen Skulpturen und Malerei, Weltpremiere des \u201eHimmelsst\u00fcrmers\u201c, eine Plastik aus Metall (ca. 120 cm lang) auf einer Stele f\u00fcr den Stadtteil B\u00fcttgen www.picasaweb.google.de\/art.kaarst<\/p>\n<p>ArtKARLSRUHE 2010, vom 4. M\u00e4rz \u2013 7. M\u00e4rz 2010, vertreten durch GAM, Obrist Gingold Galerie, Kahrstra\u00dfe 59, 45128 Essen www.gam-essen.de<\/p>\n<p>2009<\/p>\n<p>C.A.R Contemporary art ruhr 2009 Weltkulturerbe Zeche Zollverein,vom 30. Oktober \u2013 1. November 2009<\/p>\n<p>Gruppenausstellung, \u201eSpace 798\u201c D\u00fcsseldorf, Gruppenausstellung, Stifterverband der deutschen Wissenschaft, Essen<\/p>\n<p>2007<\/p>\n<p>St\u00e4dtisches Museum \/ Gelsenkirchen (EA), Skulpturenprojekt Kunst am Baum &#8222;Die Baumfee&#8220;, Berger Anlagen \/ Gelsenkirchen,<\/p>\n<p>Galerie Klose \/ Essen &#8222;Zukunft braucht Herkunft&#8220;(EA)<\/p>\n<p>2006<\/p>\n<p>Teilnahme &#8222;Kunstquadrate 06&#8220;, Zeche Zollverein \/ Essen<\/p>\n<p>Teilnahme &#8222;forum 06&#8220;, Kokerei, Zeche Zollverein \/ Essen<\/p>\n<p>2005<\/p>\n<p>Teilnahme &#8222;Kunstquadrate 05&#8220;, Zeche Zollverein \/ Essen, Galerie Best \/ S\u00fcdkorea, Seoul (GA), &#8222;Lehre als Idee&#8220;, Halle 6-Gallerie Christine H\u00f6lz\/D\u00fcsseldorf (GA)<\/p>\n<p>2004<\/p>\n<p>Galerie Klose \/ Essen (EA), Teilnahme &#8222;Kunstquadrate 04&#8220;, Zeche Zollverein \/ Essen<\/p>\n<p>2003<\/p>\n<p>Teilnahme an der Kunstmesse Art Innsbruck \/ Innsbruck, IN DER TRINKHALLE \/ Baden-Baden (EA), ETUF-Tennishaus, KUNST AM SEE \/ Essen (EA)<\/p>\n<p>2002<\/p>\n<p>Galerie Klose \/ Essen (EA), Teilnahme THE BLUE SQUARE \/ Essen, 2.Essener quARTier \/ Essen<\/p>\n<p>2001<\/p>\n<p>Teilnahme an der Kunstmesse IMPULSE Osnabr\u00fcck, Villa Siewert, Spanien (EA)<\/p>\n<p>Teilnahme an der Kunstmesse Art Innsbruck \/ Innsbruck<\/p>\n<p>Teilnahme an der Kunstmesse Art Vienna \/ Wien<\/p>\n<p>1.Essener quARTier, Kunst in Container \/ Essen<\/p>\n<p>2000<\/p>\n<p>Galerie Klose \/ Essen (EA)<\/p>\n<p>1999<\/p>\n<p>Galerie Alexa Jansen \/ K\u00f6ln (GA)<\/p>\n<p>1998<\/p>\n<p>&#8222;Essen kauft Kunst&#8220;, Zeche Zollverein \/ Essen<\/p>\n<p>1997<\/p>\n<p>Flottmann &#8211; Hallen \/ Herne (GA)<\/p>\n<p>1996<\/p>\n<p>Galerie UNITED ARTS \/ Essen (GA)<\/p>\n\n\n<p><\/p>\n\n\n\n<p><\/p>\n\n\n\n<p><br><br><br><\/p>\n\n\n\n<p><\/p>\n\n\n\n<p><\/p>\n","protected":false},"excerpt":{"rendered":"<p>2025 Teilnahme artKarlsruhe, Galerie Klose Essen Teilnahme discovery art K\u00f6ln, Galerie Klose Essen Teilnahme ARTMUC, Galerie an der Zitadelle, J\u00fclich &#8222;DREAMS &amp; SIDEKICKS&#8220;, Galerie Klose 2024 Teilnahme artKarlsruhe, Galerie Klose Essen IN-BETWEEN, Galerie Schortgen, Luxembourg Teilnahme ARTMUC, M\u00fcnchen, Galerie an der Zitadelle, J\u00fclich Teilnahme Jubil\u00e4um 30 + 1, Galerie Kleebolte, Essen Teilnahme discovery art K\u00f6ln, Galerie Klose Essen Teilnahme Gew\u00e4chshaus Magdeburg, Galerie Diede Teilnahme KIAF, Galerie Klose, S\u00fcdkorea, Seoul Teilnahme C.A.R. Zollverein, Galerie Klose Essen Teilnahme discovery art Frankfurt, Galerie Klose Essen Teilnahme art Dortmund, Galerie Klose Essen 2023 Teilnahme Art Fair KIAF, Galerie Klose, S\u00fcdkorea, Seoul Summer Vibes, Galerie Hegemann, M\u00fcnchen Teilnahme artKarlsruhe, Galerie Klose Essen Teilnahme Discovery Art &hellip; <\/p>\n<p class=\"link-more\"><a href=\"https:\/\/joerg-w-schirmer.de\/?page_id=58\" class=\"more-link\">Mehr <span class=\"screen-reader-text\">\u00fcber &#8222;Ausstellungen&#8220; <\/span>Lesen<\/a><\/p>\n","protected":false},"author":1,"featured_media":0,"parent":0,"menu_order":0,"comment_status":"closed","ping_status":"closed","template":"","meta":{"footnotes":""},"class_list":["post-58","page","type-page","status-publish","hentry"],"featured_media_urls":[],"_links":{"self":[{"href":"https:\/\/joerg-w-schirmer.de\/index.php?rest_route=\/wp\/v2\/pages\/58","targetHints":{"allow":["GET"]}}],"collection":[{"href":"https:\/\/joerg-w-schirmer.de\/index.php?rest_route=\/wp\/v2\/pages"}],"about":[{"href":"https:\/\/joerg-w-schirmer.de\/index.php?rest_route=\/wp\/v2\/types\/page"}],"author":[{"embeddable":true,"href":"https:\/\/joerg-w-schirmer.de\/index.php?rest_route=\/wp\/v2\/users\/1"}],"replies":[{"embeddable":true,"href":"https:\/\/joerg-w-schirmer.de\/index.php?rest_route=%2Fwp%2Fv2%2Fcomments&post=58"}],"version-history":[{"count":29,"href":"https:\/\/joerg-w-schirmer.de\/index.php?rest_route=\/wp\/v2\/pages\/58\/revisions"}],"predecessor-version":[{"id":3735,"href":"https:\/\/joerg-w-schirmer.de\/index.php?rest_route=\/wp\/v2\/pages\/58\/revisions\/3735"}],"wp:attachment":[{"href":"https:\/\/joerg-w-schirmer.de\/index.php?rest_route=%2Fwp%2Fv2%2Fmedia&parent=58"}],"curies":[{"name":"wp","href":"https:\/\/api.w.org\/{rel}","templated":true}]}}